{"id":53,"date":"2022-01-02T20:42:52","date_gmt":"2022-01-02T19:42:52","guid":{"rendered":"https:\/\/epccf.com\/?page_id=53"},"modified":"2026-03-20T11:35:38","modified_gmt":"2026-03-20T10:35:38","slug":"approches-psychocorporelles","status":"publish","type":"page","link":"https:\/\/epccf.com\/index.php\/approches-psychocorporelles\/","title":{"rendered":"Approches psychocorporelles"},"content":{"rendered":"<div class=\"wp-block-image\">\n<figure class=\"aligncenter size-full is-resized\"><img loading=\"lazy\" decoding=\"async\" width=\"640\" height=\"426\" src=\"https:\/\/epccf.com\/wp-content\/uploads\/2022\/01\/relax-1276639_640.jpg\" alt=\"Emmanuel Panfil. Accompagnement par les Approches psychocorporelles issues de la sophrologie, des techniques de relaxation et de la pleine conscience \u00e0 Qu\u00e9vy-Le-Grand pr\u00e8s de Mons \/ Maubeuge\" class=\"wp-image-142\" style=\"width:840px;height:559px\" srcset=\"https:\/\/epccf.com\/wp-content\/uploads\/2022\/01\/relax-1276639_640.jpg 640w, https:\/\/epccf.com\/wp-content\/uploads\/2022\/01\/relax-1276639_640-300x200.jpg 300w\" sizes=\"auto, (max-width: 640px) 100vw, 640px\" \/><\/figure>\n<\/div>\n\n\n<h2 class=\"wp-block-heading\">Mes approches psychocorporelles<\/h2>\n\n\n\n<p>Pour vous accompagner, je vous propose diverses approches psychocorporelles issues de la <strong>sophrologie<\/strong>, des techniques de <strong>relaxation<\/strong> : Jacobson ; training autog\u00e8ne de Schultz, respiration synchronique, etc., et de la <strong>pleine conscience<\/strong> (<strong>M<\/strong>indfulness-<strong>B<\/strong>ased <strong>S<\/strong>tress <strong>R<\/strong>eduction).<\/p>\n\n\n\n<h3 class=\"wp-block-heading\">La sophrologie<\/h3>\n\n\n\n<h4 class=\"wp-block-heading\"><strong>Qu\u2019est-ce que la sophrologie ?<\/strong><\/h4>\n\n\n\n<p>La sophrologie est une m\u00e9thode psychocorporelle adapt\u00e9e \u00e0 tous.<br>Mise au point \u00e0 partir de 1960 par le Dr Alfonso Caysedo, neuropsychiatre.<br>La sophrologie se d\u00e9marque de l\u2019hypnose. Celle-ci n\u2019\u00e9tant pas directive, elle favorise la prise en charge par le sujet lui-m\u00eame et permet de d\u00e9velopper les potentialit\u00e9s de la conscience humaine.<\/p>\n\n\n\n<p>Elle s\u2019adresse aux enfants, aux adolescents ou aux adultes de tout \u00e2ge et elle se pratique de mani\u00e8re individuelle ou en groupe.<\/p>\n\n\n\n<h3 class=\"wp-block-heading\"><strong>Je propose de travailler avec vous les probl\u00e9matiques suivantes :<\/strong><\/h3>\n\n\n\n<p><\/p>\n\n\n\n<figure class=\"wp-block-table aligncenter is-style-stripes\"><table><tbody><tr><td class=\"has-text-align-center\" data-align=\"center\">Le stress et l&rsquo;anxi\u00e9t\u00e9<br><a href=\"https:\/\/epccf.com\/index.php\/2022\/03\/07\/la-gestion-du-stress\/\"><span style=\"text-decoration: underline;\">(+d&rsquo;infos)<\/span><\/a><\/td><td class=\"has-text-align-center\" data-align=\"center\">Les troubles du sommeil<\/td><td class=\"has-text-align-center\" data-align=\"center\">L&rsquo;arr\u00eat du tabac<br><a href=\"https:\/\/epccf.com\/index.php\/2023\/11\/07\/accompagnement-sophrologique-dans-larret-du-tabac\/\"><span style=\"text-decoration: underline;\">(+d&rsquo;infos)<\/span><\/a><\/td><td class=\"has-text-align-center\" data-align=\"center\">Les phobies<\/td><\/tr><tr><td class=\"has-text-align-center\" data-align=\"center\"><img loading=\"lazy\" decoding=\"async\" width=\"300\" height=\"200\" class=\"wp-image-1033\" style=\"width: 300px;\" src=\"https:\/\/epccf.com\/wp-content\/uploads\/2026\/03\/stones-wooden-table-group-of-objects-concept.webp\" alt=\"Stress et anxi\u00e9t\u00e9 : Approches psychocorporelles \u00e0 Qu\u00e9vy-Le-Grand\"><\/td><td class=\"has-text-align-center\" data-align=\"center\"><img loading=\"lazy\" decoding=\"async\" width=\"140\" height=\"210\" class=\"wp-image-1035\" style=\"width: 140px;\" src=\"https:\/\/epccf.com\/wp-content\/uploads\/2026\/03\/pexels-shvets-production-8416307.webp\" alt=\"Trouble du sommeil. Approches psychocorporelles \u00e0 Qu\u00e9vy-Le-Grand\"><br><\/td><td class=\"has-text-align-center\" data-align=\"center\"><img loading=\"lazy\" decoding=\"async\" width=\"300\" height=\"300\" class=\"wp-image-1038\" style=\"width: 300px;\" src=\"https:\/\/epccf.com\/wp-content\/uploads\/2026\/03\/www-fotomelia-com-images-gratuites-66.webp\" alt=\"Arr\u00eat du tabac. \u00c0 Qu\u00e9vy-Le-Grand\" srcset=\"https:\/\/epccf.com\/wp-content\/uploads\/2026\/03\/www-fotomelia-com-images-gratuites-66.webp 300w, https:\/\/epccf.com\/wp-content\/uploads\/2026\/03\/www-fotomelia-com-images-gratuites-66-150x150.webp 150w\" sizes=\"auto, (max-width: 300px) 100vw, 300px\" \/><\/td><td class=\"has-text-align-center\" data-align=\"center\"><img loading=\"lazy\" decoding=\"async\" width=\"300\" height=\"185\" class=\"wp-image-1036\" style=\"width: 300px;\" src=\"https:\/\/epccf.com\/wp-content\/uploads\/2026\/03\/pexels-mart-production-8458816.webp\" alt=\"Accompagnement contre les phobies. Approches psychocorporelles \u00e0 Qu\u00e9vy-Le-Grand\"><\/td><\/tr><\/tbody><\/table><\/figure>\n\n\n\n<h3 class=\"wp-block-heading\"><strong>Et aussi :<\/strong><\/h3>\n\n\n\n<ul class=\"wp-block-list\">\n<li>Le manque de confiance en soi, d&rsquo;estime de soi;<\/li>\n\n\n\n<li>Les douleurs chroniques ;<\/li>\n\n\n\n<li>Certains troubles de la sexualit\u00e9 ;<\/li>\n\n\n\n<li>La pr\u00e9paration \u00e0 diverses \u00e9preuves et\/ou examens que vous appr\u00e9hendez ;<\/li>\n\n\n\n<li>L&rsquo;accompagnement des enfants, adolescents et adultes pr\u00e9sentant un TDA\/H.<\/li>\n<\/ul>\n\n\n\n<p>La sophrologie vous apporte des solutions suppl\u00e9mentaires pour vous aider \u00e0 faire face aux difficult\u00e9s les plus vari\u00e9es.<\/p>\n\n\n\n<p><\/p>\n\n\n\n<h3 class=\"wp-block-heading\"><br><strong>Techniques<\/strong><\/h3>\n\n\n\n<p>La sophrologie se base sur des techniques de respiration, de d\u00e9tente physique, d&rsquo;activation corporelle et d\u2019images mentales positives.<\/p>\n\n\n\n<p>La d\u00e9tente physique n\u2019est pas un but en soi, mais une \u00e9tape du processus sophrologique. Celle-ci favorise la modification de l\u2019\u00e9tat de conscience, \u00e9tat \u00e0 partir duquel le travail va s\u2019effectuer.<\/p>\n\n\n\n<h3 class=\"wp-block-heading\"><br><br><strong>Objectifs<\/strong><\/h3>\n\n\n\n<ul class=\"wp-block-list\">\n<li>D\u00e9couvrir et exploiter ses capacit\u00e9s, ses ressources&nbsp;;<\/li>\n\n\n\n<li>Favoriser les prises de conscience corporelles et \u00e9motionnelles&nbsp;;<\/li>\n\n\n\n<li>Se lib\u00e9rer des images et pens\u00e9es n\u00e9gatives.<\/li>\n<\/ul>\n\n\n\n<p><\/p>\n","protected":false},"excerpt":{"rendered":"<p>Mes approches psychocorporelles Pour vous accompagner, je vous propose diverses approches psychocorporelles issues de la sophrologie, des techniques de relaxation : Jacobson ; training autog\u00e8ne de Schultz, respiration synchronique, etc., et de la pleine conscience (Mindfulness-Based Stress Reduction). La sophrologie Qu\u2019est-ce que la sophrologie ? La sophrologie est une m\u00e9thode psychocorporelle adapt\u00e9e \u00e0 tous.Mise au&#8230;<\/p>\n","protected":false},"author":1,"featured_media":0,"parent":0,"menu_order":0,"comment_status":"closed","ping_status":"closed","template":"","meta":{"footnotes":""},"class_list":["post-53","page","type-page","status-publish","hentry"],"yoast_head":"<!-- This site is optimized with the Yoast SEO plugin v27.3 - https:\/\/yoast.com\/product\/yoast-seo-wordpress\/ -->\n<title>Approches psychocorporelles - Emmanuel Panfil - 7040 Mons<\/title>\n<meta name=\"description\" content=\"Approches psychocorporelles issues de la sophrologie, des techniques de relaxation et de la pleine conscience \u00e0 Qu\u00e9vy-Le-Grand pr\u00e8s de Mons\" \/>\n<meta name=\"robots\" content=\"index, follow, max-snippet:-1, max-image-preview:large, max-video-preview:-1\" \/>\n<link rel=\"canonical\" href=\"https:\/\/epccf.com\/index.php\/approches-psychocorporelles\/\" \/>\n<meta property=\"og:locale\" content=\"fr_FR\" \/>\n<meta property=\"og:type\" content=\"article\" \/>\n<meta property=\"og:title\" content=\"Approches psychocorporelles - Emmanuel Panfil - 7040 Mons\" \/>\n<meta property=\"og:description\" content=\"Approches psychocorporelles issues de la sophrologie, des techniques de relaxation et de la pleine conscience \u00e0 Qu\u00e9vy-Le-Grand pr\u00e8s de Mons\" \/>\n<meta property=\"og:url\" content=\"https:\/\/epccf.com\/index.php\/approches-psychocorporelles\/\" \/>\n<meta property=\"og:site_name\" content=\"Emmanuel Panfil\" \/>\n<meta property=\"article:publisher\" content=\"https:\/\/www.facebook.com\/emmanuel.panfil\" \/>\n<meta property=\"article:modified_time\" content=\"2026-03-20T10:35:38+00:00\" \/>\n<meta property=\"og:image\" content=\"https:\/\/epccf.com\/wp-content\/uploads\/2022\/01\/relax-1276639_640.jpg\" \/>\n\t<meta property=\"og:image:width\" content=\"640\" \/>\n\t<meta property=\"og:image:height\" content=\"426\" \/>\n\t<meta property=\"og:image:type\" content=\"image\/jpeg\" \/>\n<meta name=\"twitter:card\" content=\"summary_large_image\" \/>\n<meta name=\"twitter:label1\" content=\"Dur\u00e9e de lecture estim\u00e9e\" \/>\n\t<meta name=\"twitter:data1\" content=\"3 minutes\" \/>\n<script type=\"application\/ld+json\" class=\"yoast-schema-graph\">{\"@context\":\"https:\\\/\\\/schema.org\",\"@graph\":[{\"@type\":\"WebPage\",\"@id\":\"https:\\\/\\\/epccf.com\\\/index.php\\\/approches-psychocorporelles\\\/\",\"url\":\"https:\\\/\\\/epccf.com\\\/index.php\\\/approches-psychocorporelles\\\/\",\"name\":\"Approches psychocorporelles - Emmanuel Panfil - 7040 Mons\",\"isPartOf\":{\"@id\":\"https:\\\/\\\/epccf.com\\\/#website\"},\"primaryImageOfPage\":{\"@id\":\"https:\\\/\\\/epccf.com\\\/index.php\\\/approches-psychocorporelles\\\/#primaryimage\"},\"image\":{\"@id\":\"https:\\\/\\\/epccf.com\\\/index.php\\\/approches-psychocorporelles\\\/#primaryimage\"},\"thumbnailUrl\":\"https:\\\/\\\/epccf.com\\\/wp-content\\\/uploads\\\/2022\\\/01\\\/relax-1276639_640.jpg\",\"datePublished\":\"2022-01-02T19:42:52+00:00\",\"dateModified\":\"2026-03-20T10:35:38+00:00\",\"description\":\"Approches psychocorporelles issues de la sophrologie, des techniques de relaxation et de la pleine conscience \u00e0 Qu\u00e9vy-Le-Grand pr\u00e8s de Mons\",\"breadcrumb\":{\"@id\":\"https:\\\/\\\/epccf.com\\\/index.php\\\/approches-psychocorporelles\\\/#breadcrumb\"},\"inLanguage\":\"fr-FR\",\"potentialAction\":[{\"@type\":\"ReadAction\",\"target\":[\"https:\\\/\\\/epccf.com\\\/index.php\\\/approches-psychocorporelles\\\/\"]}]},{\"@type\":\"ImageObject\",\"inLanguage\":\"fr-FR\",\"@id\":\"https:\\\/\\\/epccf.com\\\/index.php\\\/approches-psychocorporelles\\\/#primaryimage\",\"url\":\"https:\\\/\\\/epccf.com\\\/wp-content\\\/uploads\\\/2022\\\/01\\\/relax-1276639_640.jpg\",\"contentUrl\":\"https:\\\/\\\/epccf.com\\\/wp-content\\\/uploads\\\/2022\\\/01\\\/relax-1276639_640.jpg\",\"width\":640,\"height\":426},{\"@type\":\"BreadcrumbList\",\"@id\":\"https:\\\/\\\/epccf.com\\\/index.php\\\/approches-psychocorporelles\\\/#breadcrumb\",\"itemListElement\":[{\"@type\":\"ListItem\",\"position\":1,\"name\":\"Accueil\",\"item\":\"https:\\\/\\\/epccf.com\\\/\"},{\"@type\":\"ListItem\",\"position\":2,\"name\":\"Approches psychocorporelles\"}]},{\"@type\":\"WebSite\",\"@id\":\"https:\\\/\\\/epccf.com\\\/#website\",\"url\":\"https:\\\/\\\/epccf.com\\\/\",\"name\":\"EPCCF\",\"description\":\"Th\u00e9rapie individuelle, du couple et de la famille - Sexologue clinicien\",\"publisher\":{\"@id\":\"https:\\\/\\\/epccf.com\\\/#organization\"},\"potentialAction\":[{\"@type\":\"SearchAction\",\"target\":{\"@type\":\"EntryPoint\",\"urlTemplate\":\"https:\\\/\\\/epccf.com\\\/?s={search_term_string}\"},\"query-input\":{\"@type\":\"PropertyValueSpecification\",\"valueRequired\":true,\"valueName\":\"search_term_string\"}}],\"inLanguage\":\"fr-FR\"},{\"@type\":\"Organization\",\"@id\":\"https:\\\/\\\/epccf.com\\\/#organization\",\"name\":\"Emmanuel Panfil conseiller conjugal et familial\",\"url\":\"https:\\\/\\\/epccf.com\\\/\",\"logo\":{\"@type\":\"ImageObject\",\"inLanguage\":\"fr-FR\",\"@id\":\"https:\\\/\\\/epccf.com\\\/#\\\/schema\\\/logo\\\/image\\\/\",\"url\":\"https:\\\/\\\/epccf.com\\\/wp-content\\\/uploads\\\/2022\\\/02\\\/logo2.png\",\"contentUrl\":\"https:\\\/\\\/epccf.com\\\/wp-content\\\/uploads\\\/2022\\\/02\\\/logo2.png\",\"width\":358,\"height\":317,\"caption\":\"Emmanuel Panfil conseiller conjugal et familial\"},\"image\":{\"@id\":\"https:\\\/\\\/epccf.com\\\/#\\\/schema\\\/logo\\\/image\\\/\"},\"sameAs\":[\"https:\\\/\\\/www.facebook.com\\\/emmanuel.panfil\",\"https:\\\/\\\/www.instagram.com\\\/panfil_emmanuel\\\/\"]}]}<\/script>\n<!-- \/ Yoast SEO plugin. -->","yoast_head_json":{"title":"Approches psychocorporelles - Emmanuel Panfil - 7040 Mons","description":"Approches psychocorporelles issues de la sophrologie, des techniques de relaxation et de la pleine conscience \u00e0 Qu\u00e9vy-Le-Grand pr\u00e8s de Mons","robots":{"index":"index","follow":"follow","max-snippet":"max-snippet:-1","max-image-preview":"max-image-preview:large","max-video-preview":"max-video-preview:-1"},"canonical":"https:\/\/epccf.com\/index.php\/approches-psychocorporelles\/","og_locale":"fr_FR","og_type":"article","og_title":"Approches psychocorporelles - Emmanuel Panfil - 7040 Mons","og_description":"Approches psychocorporelles issues de la sophrologie, des techniques de relaxation et de la pleine conscience \u00e0 Qu\u00e9vy-Le-Grand pr\u00e8s de Mons","og_url":"https:\/\/epccf.com\/index.php\/approches-psychocorporelles\/","og_site_name":"Emmanuel Panfil","article_publisher":"https:\/\/www.facebook.com\/emmanuel.panfil","article_modified_time":"2026-03-20T10:35:38+00:00","og_image":[{"width":640,"height":426,"url":"https:\/\/epccf.com\/wp-content\/uploads\/2022\/01\/relax-1276639_640.jpg","type":"image\/jpeg"}],"twitter_card":"summary_large_image","twitter_misc":{"Dur\u00e9e de lecture estim\u00e9e":"3 minutes"},"schema":{"@context":"https:\/\/schema.org","@graph":[{"@type":"WebPage","@id":"https:\/\/epccf.com\/index.php\/approches-psychocorporelles\/","url":"https:\/\/epccf.com\/index.php\/approches-psychocorporelles\/","name":"Approches psychocorporelles - Emmanuel Panfil - 7040 Mons","isPartOf":{"@id":"https:\/\/epccf.com\/#website"},"primaryImageOfPage":{"@id":"https:\/\/epccf.com\/index.php\/approches-psychocorporelles\/#primaryimage"},"image":{"@id":"https:\/\/epccf.com\/index.php\/approches-psychocorporelles\/#primaryimage"},"thumbnailUrl":"https:\/\/epccf.com\/wp-content\/uploads\/2022\/01\/relax-1276639_640.jpg","datePublished":"2022-01-02T19:42:52+00:00","dateModified":"2026-03-20T10:35:38+00:00","description":"Approches psychocorporelles issues de la sophrologie, des techniques de relaxation et de la pleine conscience \u00e0 Qu\u00e9vy-Le-Grand pr\u00e8s de Mons","breadcrumb":{"@id":"https:\/\/epccf.com\/index.php\/approches-psychocorporelles\/#breadcrumb"},"inLanguage":"fr-FR","potentialAction":[{"@type":"ReadAction","target":["https:\/\/epccf.com\/index.php\/approches-psychocorporelles\/"]}]},{"@type":"ImageObject","inLanguage":"fr-FR","@id":"https:\/\/epccf.com\/index.php\/approches-psychocorporelles\/#primaryimage","url":"https:\/\/epccf.com\/wp-content\/uploads\/2022\/01\/relax-1276639_640.jpg","contentUrl":"https:\/\/epccf.com\/wp-content\/uploads\/2022\/01\/relax-1276639_640.jpg","width":640,"height":426},{"@type":"BreadcrumbList","@id":"https:\/\/epccf.com\/index.php\/approches-psychocorporelles\/#breadcrumb","itemListElement":[{"@type":"ListItem","position":1,"name":"Accueil","item":"https:\/\/epccf.com\/"},{"@type":"ListItem","position":2,"name":"Approches psychocorporelles"}]},{"@type":"WebSite","@id":"https:\/\/epccf.com\/#website","url":"https:\/\/epccf.com\/","name":"EPCCF","description":"Th\u00e9rapie individuelle, du couple et de la famille - Sexologue clinicien","publisher":{"@id":"https:\/\/epccf.com\/#organization"},"potentialAction":[{"@type":"SearchAction","target":{"@type":"EntryPoint","urlTemplate":"https:\/\/epccf.com\/?s={search_term_string}"},"query-input":{"@type":"PropertyValueSpecification","valueRequired":true,"valueName":"search_term_string"}}],"inLanguage":"fr-FR"},{"@type":"Organization","@id":"https:\/\/epccf.com\/#organization","name":"Emmanuel Panfil conseiller conjugal et familial","url":"https:\/\/epccf.com\/","logo":{"@type":"ImageObject","inLanguage":"fr-FR","@id":"https:\/\/epccf.com\/#\/schema\/logo\/image\/","url":"https:\/\/epccf.com\/wp-content\/uploads\/2022\/02\/logo2.png","contentUrl":"https:\/\/epccf.com\/wp-content\/uploads\/2022\/02\/logo2.png","width":358,"height":317,"caption":"Emmanuel Panfil conseiller conjugal et familial"},"image":{"@id":"https:\/\/epccf.com\/#\/schema\/logo\/image\/"},"sameAs":["https:\/\/www.facebook.com\/emmanuel.panfil","https:\/\/www.instagram.com\/panfil_emmanuel\/"]}]}},"_links":{"self":[{"href":"https:\/\/epccf.com\/index.php\/wp-json\/wp\/v2\/pages\/53","targetHints":{"allow":["GET"]}}],"collection":[{"href":"https:\/\/epccf.com\/index.php\/wp-json\/wp\/v2\/pages"}],"about":[{"href":"https:\/\/epccf.com\/index.php\/wp-json\/wp\/v2\/types\/page"}],"author":[{"embeddable":true,"href":"https:\/\/epccf.com\/index.php\/wp-json\/wp\/v2\/users\/1"}],"replies":[{"embeddable":true,"href":"https:\/\/epccf.com\/index.php\/wp-json\/wp\/v2\/comments?post=53"}],"version-history":[{"count":35,"href":"https:\/\/epccf.com\/index.php\/wp-json\/wp\/v2\/pages\/53\/revisions"}],"predecessor-version":[{"id":1040,"href":"https:\/\/epccf.com\/index.php\/wp-json\/wp\/v2\/pages\/53\/revisions\/1040"}],"wp:attachment":[{"href":"https:\/\/epccf.com\/index.php\/wp-json\/wp\/v2\/media?parent=53"}],"curies":[{"name":"wp","href":"https:\/\/api.w.org\/{rel}","templated":true}]}}