{"id":88,"date":"2022-01-03T18:42:30","date_gmt":"2022-01-03T17:42:30","guid":{"rendered":"https:\/\/epccf.com\/?page_id=88"},"modified":"2026-03-20T11:03:21","modified_gmt":"2026-03-20T10:03:21","slug":"accompagnement-individuel-conseiller-conjugal-quevy-le-grand","status":"publish","type":"page","link":"https:\/\/epccf.com\/index.php\/accompagnement-individuel-conseiller-conjugal-quevy-le-grand\/","title":{"rendered":"Accompagnement individuel"},"content":{"rendered":"<div class=\"wp-block-image\">\n<figure class=\"aligncenter size-full\" id=\"individuel\"><img loading=\"lazy\" decoding=\"async\" width=\"800\" height=\"534\" src=\"https:\/\/epccf.com\/wp-content\/uploads\/2026\/03\/woman-and-counselor-talking-and-staying-close.webp\" alt=\"\" class=\"wp-image-1026\" srcset=\"https:\/\/epccf.com\/wp-content\/uploads\/2026\/03\/woman-and-counselor-talking-and-staying-close.webp 800w, https:\/\/epccf.com\/wp-content\/uploads\/2026\/03\/woman-and-counselor-talking-and-staying-close-300x200.webp 300w, https:\/\/epccf.com\/wp-content\/uploads\/2026\/03\/woman-and-counselor-talking-and-staying-close-768x513.webp 768w\" sizes=\"auto, (max-width: 800px) 100vw, 800px\" \/><figcaption class=\"wp-element-caption\">https:\/\/fr.freepik.com\/photos\/sante\u00a0\u00bb&gt;Sant\u00e9 photo cr\u00e9\u00e9 par freepik &#8211; fr.freepik.com<\/figcaption><\/figure>\n<\/div>\n\n\n<h2 class=\"wp-block-heading\">Accompagnement individuel par un conseiller conjugal et familial<\/h2>\n\n\n\n<p>L&rsquo;accompagnement individuel fait partie de la prise en charge du conseiller conjugal et familial, car tous les probl\u00e8mes n\u2019\u00e9mergent pas des relations entretenues avec les proches.<\/p>\n\n\n\n<p>En outre, certaines personnes d\u00e9sirent parler de leur couple, de leur famille seul\u00b7e. Les raisons peuvent \u00eatre multiples : le\u00b7la conjoint\u00b7e, les membres de la famille ne souhaitent pas faire la d\u00e9marche, n\u2019osent pas venir en consultation, ne se sentent pas concern\u00e9 par la probl\u00e9matique ou encore, vous ne souhaitez pas inclure ceux-ci, dans un premier temps, dans un processus d&rsquo;accompagnement.<\/p>\n\n\n\n<p>En consultant seul\u00b7e, on travaille sur soi, on se comprend mieux, on augmente son <a href=\"https:\/\/epccf.com\/index.php\/approches-psychocorporelles\/\">estime de soi<\/a>, sa <a href=\"https:\/\/epccf.com\/index.php\/approches-psychocorporelles\/\">confiance en soi<\/a>. Cela favorise la prise de d\u00e9cisions, la modification de comportements qui font souffrir et le changement des dynamiques relationnelles.<\/p>\n\n\n\n<p>Dans le cadre conjugal ou familial, si l\u2019un bouge, c\u2019est le syst\u00e8me conjugal, familial qui bouge.<\/p>\n\n\n\n<p>Parfois, on consulte seul\u00b7e parce que l\u2019on est seul\u00b7e. Ce fait n\u2019emp\u00eache pas les probl\u00e8mes affectifs, relationnels ou sexuels.<\/p>\n\n\n\n<h2 class=\"wp-block-heading\">Objectif de l&rsquo;accompagnement individuel<\/h2>\n\n\n\n<p>Les champs d\u2019interventions sont multiples.<\/p>\n\n\n\n<p>Vous pouvez consulter seul parce que vous vivez des moments difficiles faisant suite \u00e0&nbsp;:<\/p>\n\n\n\n<ul class=\"wp-block-list\">\n<li>Des difficult\u00e9s dans votre relation de couple ou familiale ;<\/li>\n\n\n\n<li>Une rupture amoureuse&nbsp;;<\/li>\n\n\n\n<li>Un d\u00e9c\u00e8s&nbsp;;<\/li>\n\n\n\n<li>Vous \u00eates enceinte et vous vous posez des questions sur les choix qui se pr\u00e9sentent \u00e0 vous&nbsp;;<\/li>\n\n\n\n<li>Vous subissez une p\u00e9riode de stress&nbsp;;<\/li>\n\n\n\n<li>Vous vous posez des questions relatives \u00e0 votre <a href=\"https:\/\/epccf.com\/index.php\/sexologie-clinique\/\">sexualit\u00e9<\/a> ;<\/li>\n\n\n\n<li>Vous vous posez des questions \u00e0 propos de votre <a href=\"https:\/\/epccf.com\/index.php\/sexologie-clinique\/\">orientation sexuelle<\/a>&nbsp;;<\/li>\n\n\n\n<li>Vous \u00eates victime de harc\u00e8lement ou de <a href=\"https:\/\/www.ecouteviolencesconjugales.be\/\" target=\"_blank\" rel=\"noreferrer noopener\">violence conjugale<\/a>&nbsp;;<\/li>\n\n\n\n<li>Etc.<\/li>\n<\/ul>\n\n\n\n<h2 class=\"wp-block-heading\">Travailler sur soi pour mieux vivre ses relations<\/h2>\n\n\n\n<p>Je vous propose un accompagnement psychologique individuel.<\/p>\n\n\n\n<p><em>\u00ab Vous souhaitez en savoir plus ou prendre rendez-vous \u00e0 Qu\u00e9vy-Le-Grand ? Contactez-moi <a href=\"https:\/\/epccf.com\/index.php\/contact\/\">ici<\/a>. \u00bb<\/em><\/p>\n","protected":false},"excerpt":{"rendered":"<p>Accompagnement individuel par un conseiller conjugal et familial L&rsquo;accompagnement individuel fait partie de la prise en charge du conseiller conjugal et familial, car tous les probl\u00e8mes n\u2019\u00e9mergent pas des relations entretenues avec les proches. En outre, certaines personnes d\u00e9sirent parler de leur couple, de leur famille seul\u00b7e. Les raisons peuvent \u00eatre multiples : le\u00b7la conjoint\u00b7e,&#8230;<\/p>\n","protected":false},"author":1,"featured_media":0,"parent":0,"menu_order":0,"comment_status":"closed","ping_status":"closed","template":"","meta":{"footnotes":""},"class_list":["post-88","page","type-page","status-publish","hentry"],"yoast_head":"<!-- This site is optimized with the Yoast SEO plugin v27.3 - https:\/\/yoast.com\/product\/yoast-seo-wordpress\/ -->\n<title>Accompagnement individuel \u2013 Conseiller conjugal \u00e0 7040 Mons<\/title>\n<meta name=\"description\" content=\"En tant que conseiller conjugal et familial, je vous propose un accompagnement individuel \u00e0 7040 Qu\u00e9vy-Le-Grand pr\u00e8s de Mons \/ Maubeuge\" \/>\n<meta name=\"robots\" content=\"index, follow, max-snippet:-1, max-image-preview:large, max-video-preview:-1\" \/>\n<link rel=\"canonical\" href=\"https:\/\/epccf.com\/index.php\/accompagnement-individuel-conseiller-conjugal-quevy-le-grand\/\" \/>\n<meta property=\"og:locale\" content=\"fr_FR\" \/>\n<meta property=\"og:type\" content=\"article\" \/>\n<meta property=\"og:title\" content=\"Accompagnement individuel \u2013 Conseiller conjugal \u00e0 7040 Mons\" \/>\n<meta property=\"og:description\" content=\"En tant que conseiller conjugal et familial, je vous propose un accompagnement individuel \u00e0 7040 Qu\u00e9vy-Le-Grand pr\u00e8s de Mons \/ Maubeuge\" \/>\n<meta property=\"og:url\" content=\"https:\/\/epccf.com\/index.php\/accompagnement-individuel-conseiller-conjugal-quevy-le-grand\/\" \/>\n<meta property=\"og:site_name\" content=\"Emmanuel Panfil\" \/>\n<meta property=\"article:publisher\" content=\"https:\/\/www.facebook.com\/emmanuel.panfil\" \/>\n<meta property=\"article:modified_time\" content=\"2026-03-20T10:03:21+00:00\" \/>\n<meta property=\"og:image\" content=\"https:\/\/epccf.com\/wp-content\/uploads\/2026\/03\/woman-and-counselor-talking-and-staying-close.webp\" \/>\n\t<meta property=\"og:image:width\" content=\"800\" \/>\n\t<meta property=\"og:image:height\" content=\"534\" \/>\n\t<meta property=\"og:image:type\" content=\"image\/webp\" \/>\n<meta name=\"twitter:card\" content=\"summary_large_image\" \/>\n<meta name=\"twitter:label1\" content=\"Dur\u00e9e de lecture estim\u00e9e\" \/>\n\t<meta name=\"twitter:data1\" content=\"2 minutes\" \/>\n<script type=\"application\/ld+json\" class=\"yoast-schema-graph\">{\"@context\":\"https:\\\/\\\/schema.org\",\"@graph\":[{\"@type\":\"WebPage\",\"@id\":\"https:\\\/\\\/epccf.com\\\/index.php\\\/accompagnement-individuel-conseiller-conjugal-quevy-le-grand\\\/\",\"url\":\"https:\\\/\\\/epccf.com\\\/index.php\\\/accompagnement-individuel-conseiller-conjugal-quevy-le-grand\\\/\",\"name\":\"Accompagnement individuel \u2013 Conseiller conjugal \u00e0 7040 Mons\",\"isPartOf\":{\"@id\":\"https:\\\/\\\/epccf.com\\\/#website\"},\"primaryImageOfPage\":{\"@id\":\"https:\\\/\\\/epccf.com\\\/index.php\\\/accompagnement-individuel-conseiller-conjugal-quevy-le-grand\\\/#primaryimage\"},\"image\":{\"@id\":\"https:\\\/\\\/epccf.com\\\/index.php\\\/accompagnement-individuel-conseiller-conjugal-quevy-le-grand\\\/#primaryimage\"},\"thumbnailUrl\":\"https:\\\/\\\/epccf.com\\\/wp-content\\\/uploads\\\/2026\\\/03\\\/woman-and-counselor-talking-and-staying-close.webp\",\"datePublished\":\"2022-01-03T17:42:30+00:00\",\"dateModified\":\"2026-03-20T10:03:21+00:00\",\"description\":\"En tant que conseiller conjugal et familial, je vous propose un accompagnement individuel \u00e0 7040 Qu\u00e9vy-Le-Grand pr\u00e8s de Mons \\\/ Maubeuge\",\"breadcrumb\":{\"@id\":\"https:\\\/\\\/epccf.com\\\/index.php\\\/accompagnement-individuel-conseiller-conjugal-quevy-le-grand\\\/#breadcrumb\"},\"inLanguage\":\"fr-FR\",\"potentialAction\":[{\"@type\":\"ReadAction\",\"target\":[\"https:\\\/\\\/epccf.com\\\/index.php\\\/accompagnement-individuel-conseiller-conjugal-quevy-le-grand\\\/\"]}]},{\"@type\":\"ImageObject\",\"inLanguage\":\"fr-FR\",\"@id\":\"https:\\\/\\\/epccf.com\\\/index.php\\\/accompagnement-individuel-conseiller-conjugal-quevy-le-grand\\\/#primaryimage\",\"url\":\"https:\\\/\\\/epccf.com\\\/wp-content\\\/uploads\\\/2026\\\/03\\\/woman-and-counselor-talking-and-staying-close.webp\",\"contentUrl\":\"https:\\\/\\\/epccf.com\\\/wp-content\\\/uploads\\\/2026\\\/03\\\/woman-and-counselor-talking-and-staying-close.webp\",\"width\":800,\"height\":534},{\"@type\":\"BreadcrumbList\",\"@id\":\"https:\\\/\\\/epccf.com\\\/index.php\\\/accompagnement-individuel-conseiller-conjugal-quevy-le-grand\\\/#breadcrumb\",\"itemListElement\":[{\"@type\":\"ListItem\",\"position\":1,\"name\":\"Accueil\",\"item\":\"https:\\\/\\\/epccf.com\\\/\"},{\"@type\":\"ListItem\",\"position\":2,\"name\":\"Accompagnement individuel\"}]},{\"@type\":\"WebSite\",\"@id\":\"https:\\\/\\\/epccf.com\\\/#website\",\"url\":\"https:\\\/\\\/epccf.com\\\/\",\"name\":\"EPCCF\",\"description\":\"Th\u00e9rapie individuelle, du couple et de la famille - Sexologue clinicien\",\"publisher\":{\"@id\":\"https:\\\/\\\/epccf.com\\\/#organization\"},\"potentialAction\":[{\"@type\":\"SearchAction\",\"target\":{\"@type\":\"EntryPoint\",\"urlTemplate\":\"https:\\\/\\\/epccf.com\\\/?s={search_term_string}\"},\"query-input\":{\"@type\":\"PropertyValueSpecification\",\"valueRequired\":true,\"valueName\":\"search_term_string\"}}],\"inLanguage\":\"fr-FR\"},{\"@type\":\"Organization\",\"@id\":\"https:\\\/\\\/epccf.com\\\/#organization\",\"name\":\"Emmanuel Panfil conseiller conjugal et familial\",\"url\":\"https:\\\/\\\/epccf.com\\\/\",\"logo\":{\"@type\":\"ImageObject\",\"inLanguage\":\"fr-FR\",\"@id\":\"https:\\\/\\\/epccf.com\\\/#\\\/schema\\\/logo\\\/image\\\/\",\"url\":\"https:\\\/\\\/epccf.com\\\/wp-content\\\/uploads\\\/2022\\\/02\\\/logo2.png\",\"contentUrl\":\"https:\\\/\\\/epccf.com\\\/wp-content\\\/uploads\\\/2022\\\/02\\\/logo2.png\",\"width\":358,\"height\":317,\"caption\":\"Emmanuel Panfil conseiller conjugal et familial\"},\"image\":{\"@id\":\"https:\\\/\\\/epccf.com\\\/#\\\/schema\\\/logo\\\/image\\\/\"},\"sameAs\":[\"https:\\\/\\\/www.facebook.com\\\/emmanuel.panfil\",\"https:\\\/\\\/www.instagram.com\\\/panfil_emmanuel\\\/\"]}]}<\/script>\n<!-- \/ Yoast SEO plugin. -->","yoast_head_json":{"title":"Accompagnement individuel \u2013 Conseiller conjugal \u00e0 7040 Mons","description":"En tant que conseiller conjugal et familial, je vous propose un accompagnement individuel \u00e0 7040 Qu\u00e9vy-Le-Grand pr\u00e8s de Mons \/ Maubeuge","robots":{"index":"index","follow":"follow","max-snippet":"max-snippet:-1","max-image-preview":"max-image-preview:large","max-video-preview":"max-video-preview:-1"},"canonical":"https:\/\/epccf.com\/index.php\/accompagnement-individuel-conseiller-conjugal-quevy-le-grand\/","og_locale":"fr_FR","og_type":"article","og_title":"Accompagnement individuel \u2013 Conseiller conjugal \u00e0 7040 Mons","og_description":"En tant que conseiller conjugal et familial, je vous propose un accompagnement individuel \u00e0 7040 Qu\u00e9vy-Le-Grand pr\u00e8s de Mons \/ Maubeuge","og_url":"https:\/\/epccf.com\/index.php\/accompagnement-individuel-conseiller-conjugal-quevy-le-grand\/","og_site_name":"Emmanuel Panfil","article_publisher":"https:\/\/www.facebook.com\/emmanuel.panfil","article_modified_time":"2026-03-20T10:03:21+00:00","og_image":[{"width":800,"height":534,"url":"https:\/\/epccf.com\/wp-content\/uploads\/2026\/03\/woman-and-counselor-talking-and-staying-close.webp","type":"image\/webp"}],"twitter_card":"summary_large_image","twitter_misc":{"Dur\u00e9e de lecture estim\u00e9e":"2 minutes"},"schema":{"@context":"https:\/\/schema.org","@graph":[{"@type":"WebPage","@id":"https:\/\/epccf.com\/index.php\/accompagnement-individuel-conseiller-conjugal-quevy-le-grand\/","url":"https:\/\/epccf.com\/index.php\/accompagnement-individuel-conseiller-conjugal-quevy-le-grand\/","name":"Accompagnement individuel \u2013 Conseiller conjugal \u00e0 7040 Mons","isPartOf":{"@id":"https:\/\/epccf.com\/#website"},"primaryImageOfPage":{"@id":"https:\/\/epccf.com\/index.php\/accompagnement-individuel-conseiller-conjugal-quevy-le-grand\/#primaryimage"},"image":{"@id":"https:\/\/epccf.com\/index.php\/accompagnement-individuel-conseiller-conjugal-quevy-le-grand\/#primaryimage"},"thumbnailUrl":"https:\/\/epccf.com\/wp-content\/uploads\/2026\/03\/woman-and-counselor-talking-and-staying-close.webp","datePublished":"2022-01-03T17:42:30+00:00","dateModified":"2026-03-20T10:03:21+00:00","description":"En tant que conseiller conjugal et familial, je vous propose un accompagnement individuel \u00e0 7040 Qu\u00e9vy-Le-Grand pr\u00e8s de Mons \/ Maubeuge","breadcrumb":{"@id":"https:\/\/epccf.com\/index.php\/accompagnement-individuel-conseiller-conjugal-quevy-le-grand\/#breadcrumb"},"inLanguage":"fr-FR","potentialAction":[{"@type":"ReadAction","target":["https:\/\/epccf.com\/index.php\/accompagnement-individuel-conseiller-conjugal-quevy-le-grand\/"]}]},{"@type":"ImageObject","inLanguage":"fr-FR","@id":"https:\/\/epccf.com\/index.php\/accompagnement-individuel-conseiller-conjugal-quevy-le-grand\/#primaryimage","url":"https:\/\/epccf.com\/wp-content\/uploads\/2026\/03\/woman-and-counselor-talking-and-staying-close.webp","contentUrl":"https:\/\/epccf.com\/wp-content\/uploads\/2026\/03\/woman-and-counselor-talking-and-staying-close.webp","width":800,"height":534},{"@type":"BreadcrumbList","@id":"https:\/\/epccf.com\/index.php\/accompagnement-individuel-conseiller-conjugal-quevy-le-grand\/#breadcrumb","itemListElement":[{"@type":"ListItem","position":1,"name":"Accueil","item":"https:\/\/epccf.com\/"},{"@type":"ListItem","position":2,"name":"Accompagnement individuel"}]},{"@type":"WebSite","@id":"https:\/\/epccf.com\/#website","url":"https:\/\/epccf.com\/","name":"EPCCF","description":"Th\u00e9rapie individuelle, du couple et de la famille - Sexologue clinicien","publisher":{"@id":"https:\/\/epccf.com\/#organization"},"potentialAction":[{"@type":"SearchAction","target":{"@type":"EntryPoint","urlTemplate":"https:\/\/epccf.com\/?s={search_term_string}"},"query-input":{"@type":"PropertyValueSpecification","valueRequired":true,"valueName":"search_term_string"}}],"inLanguage":"fr-FR"},{"@type":"Organization","@id":"https:\/\/epccf.com\/#organization","name":"Emmanuel Panfil conseiller conjugal et familial","url":"https:\/\/epccf.com\/","logo":{"@type":"ImageObject","inLanguage":"fr-FR","@id":"https:\/\/epccf.com\/#\/schema\/logo\/image\/","url":"https:\/\/epccf.com\/wp-content\/uploads\/2022\/02\/logo2.png","contentUrl":"https:\/\/epccf.com\/wp-content\/uploads\/2022\/02\/logo2.png","width":358,"height":317,"caption":"Emmanuel Panfil conseiller conjugal et familial"},"image":{"@id":"https:\/\/epccf.com\/#\/schema\/logo\/image\/"},"sameAs":["https:\/\/www.facebook.com\/emmanuel.panfil","https:\/\/www.instagram.com\/panfil_emmanuel\/"]}]}},"_links":{"self":[{"href":"https:\/\/epccf.com\/index.php\/wp-json\/wp\/v2\/pages\/88","targetHints":{"allow":["GET"]}}],"collection":[{"href":"https:\/\/epccf.com\/index.php\/wp-json\/wp\/v2\/pages"}],"about":[{"href":"https:\/\/epccf.com\/index.php\/wp-json\/wp\/v2\/types\/page"}],"author":[{"embeddable":true,"href":"https:\/\/epccf.com\/index.php\/wp-json\/wp\/v2\/users\/1"}],"replies":[{"embeddable":true,"href":"https:\/\/epccf.com\/index.php\/wp-json\/wp\/v2\/comments?post=88"}],"version-history":[{"count":29,"href":"https:\/\/epccf.com\/index.php\/wp-json\/wp\/v2\/pages\/88\/revisions"}],"predecessor-version":[{"id":1027,"href":"https:\/\/epccf.com\/index.php\/wp-json\/wp\/v2\/pages\/88\/revisions\/1027"}],"wp:attachment":[{"href":"https:\/\/epccf.com\/index.php\/wp-json\/wp\/v2\/media?parent=88"}],"curies":[{"name":"wp","href":"https:\/\/api.w.org\/{rel}","templated":true}]}}